{"id":2725,"date":"2022-11-29T15:29:49","date_gmt":"2022-11-29T14:29:49","guid":{"rendered":"https:\/\/www.campinglabaiedesveys.com\/reserve\/"},"modified":"2026-04-16T14:44:59","modified_gmt":"2026-04-16T12:44:59","slug":"reserve","status":"publish","type":"page","link":"https:\/\/www.campinglabaiedesveys.com\/es\/reserve\/","title":{"rendered":"Reserva un camping junto al mar en Normand\u00eda | Baie des Veys"},"content":{"rendered":"<p>[et_pb_section fb_built=\u00bb1&#8243; admin_label=\u00bbHeader Section\u00bb _builder_version=\u00bb4.19.1&#8243; _module_preset=\u00bb0138b1b5-9a00-4fa4-9db9-89f9254d28ff\u00bb background_enable_color=\u00bboff\u00bb background_image=\u00bbhttps:\/\/www.campinglabaiedesveys.com\/wp-content\/uploads\/2022\/11\/img-23.jpg\u00bb background_enable_video_mp4=\u00bboff\u00bb background_video_width=\u00bb100%\u00bb background_video_height=\u00bb65%\u00bb background_enable_pattern_style=\u00bboff\u00bb global_colors_info=\u00bb{}\u00bb][et_pb_row custom_padding_last_edited=\u00bboff|desktop\u00bb admin_label=\u00bbFila de cabecera\u00bb _builder_version=\u00bb4.16&#8243; background_size=\u00bbinitial\u00bb background_position=\u00bbtop_left\u00bb background_repeat=\u00bbrepeat\u00bb custom_margin=\u00bb|||\u00bb custom_padding=\u00bb|||\u00bb custom_padding_phone=\u00bb3vw|||\u00bb global_colors_info=\u00bb{}\u00bb][et_pb_column type=\u00bb4_4&#8243; _builder_version=\u00bb4.16&#8243; custom_padding=\u00bb|||\u00bb global_colors_info=\u00bb{}\u00bb custom_padding__hover=\u00bb|||\u00bb][et_pb_text admin_label=\u00bbHeading &#038; Subheading\u00bb _builder_version=\u00bb4.16&#8243; text_font=\u00bbMuli|600|||||||\u00bb text_font_size=\u00bb18px\u00bb text_line_height=\u00bb1.8em\u00bb header_font=\u00bbMuli|700|||||||\u00bb header_font_size=\u00bb65px\u00bb header_line_height=\u00bb1.4em\u00bb header_2_font=\u00bb||||||||\u00bb text_orientation=\u00bbcenter\u00bb max_width=\u00bb800px\u00bb max_width_last_edited=\u00bboff|desktop\u00bb module_alignment=\u00bbcenter\u00bb custom_margin=\u00bb|||\u00bb custom_padding=\u00bb|||\u00bb custom_padding_last_edited=\u00bboff|desktop\u00bb animation_style=\u00bbfade\u00bb header_font_size_tablet=\u00bb\u00bb header_font_size_phone=\u00bb50px\u00bb header_font_size_last_edited=\u00bbon|desktop\u00bb global_colors_info=\u00bb{}\u00bb]<\/p>\n<h1><span style=\"color: #3e347b;\">Destino de vacaciones<\/span><\/h1>\n<p><span style=\"color: #000000;\">Ha venido al lugar adecuado. Es hora de pasar a la acci\u00f3n y reservar su estancia en el coraz\u00f3n de la Bah\u00eda des Veys. Durante un fin de semana o una semana, puede pasarlo bien en el Cotentin.<\/span><\/p>\n<p>[\/et_pb_text][\/et_pb_column][\/et_pb_row][\/et_pb_section][et_pb_section fb_built=\u00bb1&#8243; _builder_version=\u00bb4.27.5&#8243; _module_preset=\u00bbdefault\u00bb hover_enabled=\u00bb0&#8243; global_colors_info=\u00bb{}\u00bb sticky_enabled=\u00bb0&#8243;][et_pb_row _builder_version=\u00bb4.27.5&#8243; _module_preset=\u00bbdefault\u00bb custom_padding=\u00bb||||false|false\u00bb hover_enabled=\u00bb0&#8243; global_colors_info=\u00bb{}\u00bb sticky_enabled=\u00bb0&#8243;][et_pb_column type=\u00bb4_4&#8243; _builder_version=\u00bb4.27.4&#8243; _module_preset=\u00bbdefault\u00bb global_colors_info=\u00bb{}\u00bb][et_pb_code _builder_version=\u00bb4.27.5&#8243; _module_preset=\u00bbdefault\u00bb hover_enabled=\u00bb0&#8243; global_colors_info=\u00bb{}\u00bb sticky_enabled=\u00bb0&#8243;]<\/p>\n<div id=\"hippocamp-search-widget-container\" data-user-id=\"6884\" data-language=\"auto\" data-jquery=\"3.2.1\"><\/div>\n<p><!-- [et_pb_line_break_holder] --><script src=\"https:\/\/hippo-camp.fr\/media\/com_campingmanager\/widgets\/search.min.js\" type=\"text\/javascript\"><\/script>[\/et_pb_code][\/et_pb_column][\/et_pb_row][\/et_pb_section][et_pb_section fb_built=\u00bb1&#8243; theme_builder_area=\u00bbpost_content\u00bb _builder_version=\u00bb4.27.5&#8243; _module_preset=\u00bbdefault\u00bb][et_pb_row _builder_version=\u00bb4.27.5&#8243; _module_preset=\u00bbdefault\u00bb theme_builder_area=\u00bbpost_content\u00bb][et_pb_column _builder_version=\u00bb4.27.5&#8243; _module_preset=\u00bbdefault\u00bb type=\u00bb4_4&#8243; theme_builder_area=\u00bbpost_content\u00bb][\/et_pb_column][\/et_pb_row][\/et_pb_section]<\/p>\n","protected":false},"excerpt":{"rendered":"<p>Destino de vacaciones Ha venido al lugar adecuado. Es hora de pasar a la acci\u00f3n y reservar su estancia en el coraz\u00f3n de la Bah\u00eda des Veys. Durante un fin de semana o una semana, puede pasarlo bien en el Cotentin.<\/p>\n","protected":false},"author":3,"featured_media":1849,"parent":0,"menu_order":0,"comment_status":"closed","ping_status":"closed","template":"","meta":{"_seopress_robots_primary_cat":"","_seopress_titles_title":"Reserva un camping junto al mar en Normand\u00eda | Baie des Veys","_seopress_titles_desc":"\u00a1Reserva tus vacaciones en tan solo unos clics! Te garantizamos los mejores precios en nuestras casas m\u00f3viles y parcelas con vistas al mar en Sainte-Marie-du-Mont. Reserva ya tus fechas.  ","_seopress_robots_index":"","_et_pb_use_builder":"on","_et_pb_old_content":"","_et_gb_content_width":"","footnotes":""},"class_list":["post-2725","page","type-page","status-publish","has-post-thumbnail","hentry"],"_links":{"self":[{"href":"https:\/\/www.campinglabaiedesveys.com\/es\/wp-json\/wp\/v2\/pages\/2725","targetHints":{"allow":["GET"]}}],"collection":[{"href":"https:\/\/www.campinglabaiedesveys.com\/es\/wp-json\/wp\/v2\/pages"}],"about":[{"href":"https:\/\/www.campinglabaiedesveys.com\/es\/wp-json\/wp\/v2\/types\/page"}],"author":[{"embeddable":true,"href":"https:\/\/www.campinglabaiedesveys.com\/es\/wp-json\/wp\/v2\/users\/3"}],"replies":[{"embeddable":true,"href":"https:\/\/www.campinglabaiedesveys.com\/es\/wp-json\/wp\/v2\/comments?post=2725"}],"version-history":[{"count":11,"href":"https:\/\/www.campinglabaiedesveys.com\/es\/wp-json\/wp\/v2\/pages\/2725\/revisions"}],"predecessor-version":[{"id":9360,"href":"https:\/\/www.campinglabaiedesveys.com\/es\/wp-json\/wp\/v2\/pages\/2725\/revisions\/9360"}],"wp:featuredmedia":[{"embeddable":true,"href":"https:\/\/www.campinglabaiedesveys.com\/es\/wp-json\/wp\/v2\/media\/1849"}],"wp:attachment":[{"href":"https:\/\/www.campinglabaiedesveys.com\/es\/wp-json\/wp\/v2\/media?parent=2725"}],"curies":[{"name":"wp","href":"https:\/\/api.w.org\/{rel}","templated":true}]}}