{"id":4973,"date":"2023-03-09T13:22:49","date_gmt":"2023-03-09T12:22:49","guid":{"rendered":"https:\/\/www.campinglabaiedesveys.com\/aparcacoches\/"},"modified":"2024-06-10T09:53:01","modified_gmt":"2024-06-10T07:53:01","slug":"aparcacoches","status":"publish","type":"page","link":"https:\/\/www.campinglabaiedesveys.com\/es\/aparcacoches\/","title":{"rendered":"Aparcacoches"},"content":{"rendered":"<p>[et_pb_section fb_built=\u00bb1&#8243; admin_label=\u00bbHeader Section\u00bb _builder_version=\u00bb4.19.1&#8243; global_colors_info=\u00bb{}\u00bb][et_pb_row custom_padding_last_edited=\u00bboff|desktop\u00bb admin_label=\u00bbFila de cabecera\u00bb _builder_version=\u00bb4.16&#8243; background_size=\u00bbinitial\u00bb background_position=\u00bbtop_left\u00bb background_repeat=\u00bbrepeat\u00bb custom_margin=\u00bb|||\u00bb custom_padding=\u00bb|||\u00bb custom_padding_phone=\u00bb3vw|||\u00bb global_colors_info=\u00bb{}\u00bb][et_pb_column type=\u00bb4_4&#8243; _builder_version=\u00bb4.16&#8243; custom_padding=\u00bb|||\u00bb global_colors_info=\u00bb{}\u00bb custom_padding__hover=\u00bb|||\u00bb][et_pb_text admin_label=\u00bbHeading &#038; Subheading\u00bb _builder_version=\u00bb4.20.2&#8243; text_font=\u00bbMuli|600|||||||\u00bb text_font_size=\u00bb18px\u00bb text_line_height=\u00bb1.8em\u00bb header_font=\u00bbMuli|700|||||||\u00bb header_font_size=\u00bb65px\u00bb header_line_height=\u00bb1.4em\u00bb header_2_font=\u00bb||||||||\u00bb text_orientation=\u00bbcenter\u00bb max_width=\u00bb800px\u00bb max_width_last_edited=\u00bboff|desktop\u00bb module_alignment=\u00bbcenter\u00bb custom_margin=\u00bb|||\u00bb custom_padding=\u00bb|||\u00bb custom_padding_last_edited=\u00bboff|desktop\u00bb animation_style=\u00bbfade\u00bb header_font_size_tablet=\u00bb\u00bb header_font_size_phone=\u00bb50px\u00bb header_font_size_last_edited=\u00bbon|desktop\u00bb global_colors_info=\u00bb{}\u00bb]<\/p>\n<h1>Aparcacoches<\/h1>\n<p><span>Nuestro camping es la soluci\u00f3n ideal para disfrutar de una estancia con encanto en el coraz\u00f3n de La Mancha, a dos pasos de la playa de Utah y a pocos minutos de la reserva natural de Beauguillot. Las instalaciones y servicios incluyen una recepci\u00f3n abierta todos los d\u00edas, personal multiling\u00fce y un restaurante abierto de abril a septiembre. Por un suplemento, los hu\u00e9spedes pueden disfrutar de un servicio de transporte de ida y vuelta a la estaci\u00f3n de tren.  <\/span><\/p>\n<p>[\/et_pb_text][\/et_pb_column][\/et_pb_row][et_pb_row column_structure=\u00bb1_2,1_2&#8243; use_custom_gutter=\u00bbon\u00bb gutter_width=\u00bb1&#8243; make_equal=\u00bbon\u00bb admin_label=\u00bbNuestra historia\u00bb module_class=\u00bb et_pb_row_fullwidth\u00bb _builder_version=\u00bb4.18.0&#8243; width=\u00bb100%\u00bb width_tablet=\u00bb100%\u00bb width_phone=\u00bb100%\u00bb width_last_edited=\u00bbon|desktop\u00bb max_width=\u00bb100%\u00bb max_width_tablet=\u00bb100%\u00bb max_width_phone=\u00bb100%\u00bb max_width_last_edited=\u00bbon|desktop\u00bb custom_margin=\u00bb|||\u00bb custom_padding=\u00bb0px|0px|0px|0px\u00bb make_fullwidth=\u00bbon\u00bb global_colors_info=\u00bb{}\u00bb][et_pb_column type=\u00bb1_2&#8243; _builder_version=\u00bb4.18.0&#8243; background_color=\u00bb#3e327d\u00bb custom_padding=\u00bb|||\u00bb global_colors_info=\u00bb{}\u00bb custom_padding__hover=\u00bb|||\u00bb][et_pb_text admin_label=\u00bbTitle\u00bb _builder_version=\u00bb4.16&#8243; text_font=\u00bbMuli|600|||||||\u00bb text_text_color=\u00bbrgba(255,255,255,0.55)\u00bb text_font_size=\u00bb18px\u00bb text_line_height=\u00bb1.8em\u00bb header_font=\u00bb||||||||\u00bb header_2_font=\u00bbMuli|700|||||||\u00bb header_2_text_color=\u00bb#ffffff\u00bb header_2_font_size=\u00bb50px\u00bb header_2_line_height=\u00bb1.4em\u00bb background_layout=\u00bbdark\u00bb max_width=\u00bb600px\u00bb max_width_tablet=\u00bb\u00bb max_width_phone=\u00bb100%\u00bb max_width_last_edited=\u00bbon|tablet\u00bb module_alignment=\u00bbright\u00bb custom_margin=\u00bb|||\u00bb custom_padding=\u00bb100px|60px|100px|60px\u00bb custom_padding_last_edited=\u00bboff|desktop\u00bb header_font_size_tablet=\u00bb\u00bb header_font_size_phone=\u00bb\u00bb header_font_size_last_edited=\u00bbon|desktop\u00bb header_2_font_size_tablet=\u00bb\u00bb header_2_font_size_phone=\u00bb40px\u00bb header_2_font_size_last_edited=\u00bbon|phone\u00bb global_colors_info=\u00bb{}\u00bb]<\/p>\n<h2>Nuestros servicios<\/h2>\n<p>Nuestro camping est\u00e1 equipado con un campo de petanca y una mesa de ping pong a su disposici\u00f3n. Para sus vacaciones, \u00a1le ponemos en las condiciones adecuadas! Adem\u00e1s, \u00a1tendr\u00e1 el placer de darse un chapuz\u00f3n en nuestra piscina climatizada!<\/p>\n<p>[\/et_pb_text][\/et_pb_column][et_pb_column type=\u00bb1_2&#8243; _builder_version=\u00bb4.16&#8243; custom_padding=\u00bb|||\u00bb global_colors_info=\u00bb{}\u00bb custom_padding__hover=\u00bb|||\u00bb][et_pb_image src=\u00bbhttps:\/\/www.campinglabaiedesveys.com\/wp-content\/uploads\/2022\/11\/170555745_48d5d283f7_b.jpg\u00bb alt=\u00bbpetanca\u00bb title_text=\u00bb\u00bfun partidito de petanca?\u00bb align_tablet=\u00bbcenter\u00bb align_phone=\u00bbcenter\u00bb align_last_edited=\u00bbon|desktop\u00bb _builder_version=\u00bb4.19.2&#8243; max_width=\u00bb600px\u00bb max_width_tablet=\u00bb\u00bb max_width_phone=\u00bb\u00bb max_width_last_edited=\u00bbon|desktop\u00bb module_alignment=\u00bbleft\u00bb global_colors_info=\u00bb{}\u00bb][\/et_pb_image][\/et_pb_column][\/et_pb_row][et_pb_row column_structure=\u00bb1_3,1_3,1_3&#8243; admin_label=\u00bbProceso Fila\u00bb _builder_version=\u00bb4.19.4&#8243; background_color=\u00bbRGBA(255,255,255,0)\u00bb background_pattern_horizontal_offset=\u00bb-34%\u00bb background_enable_mask_style=\u00bbon\u00bb background_mask_style=\u00bbellipse\u00bb background_mask_color=\u00bbRGBA(255,255,255,0)\u00bb background_mask_size=\u00bbcover\u00bb animation_style=\u00bbbounce\u00bb saved_tabs=\u00bball\u00bb global_colors_info=\u00bb{}\u00bb global_module=\u00bb635&#8243; theme_builder_area=\u00bbpost_content\u00bb][et_pb_column type=\u00bb1_3&#8243; _builder_version=\u00bb4.19.4&#8243; custom_padding=\u00bb|||\u00bb global_colors_info=\u00bb{}\u00bb custom_padding__hover=\u00bb|||\u00bb theme_builder_area=\u00bbpost_content\u00bb][et_pb_blurb title=\u00bbBuscar en\u00bb url=\u00bbhttps:\/\/www.campinglabaiedesveys.com\/es\/alojamiento\/\u00bb image=\u00bbhttps:\/\/www.campinglabaiedesveys.com\/wp-content\/uploads\/2022\/10\/1.gif\u00bb alt=\u00bb1&#8243; image_icon_width=\u00bb38px\u00bb admin_label=\u00bbProcess\u00bb _builder_version=\u00bb4.19.2&#8243; header_font=\u00bbMuli|700|||||||\u00bb header_text_align=\u00bbcenter\u00bb header_font_size=\u00bb20px\u00bb header_line_height=\u00bb1.4em\u00bb body_font=\u00bbMuli|600|||||||\u00bb body_text_align=\u00bbcenter\u00bb body_font_size=\u00bb16px\u00bb body_line_height=\u00bb1.8em\u00bb link_option_url=\u00bbhttps:\/\/www.campinglabaiedesveys.com\/es\/alojamiento\/\u00bb border_width_all_image=\u00bb4px\u00bb border_color_all_image=\u00bb#6fbebd\u00bb image_max_width=\u00bb38px\u00bb global_colors_info=\u00bb{}\u00bb theme_builder_area=\u00bbpost_content\u00bb]<\/p>\n<p>Mobil-home, alojamiento ins\u00f3lito, casa rural: elija el lugar ideal para su estancia<\/p>\n<p>[\/et_pb_blurb][\/et_pb_column][et_pb_column type=\u00bb1_3&#8243; _builder_version=\u00bb4.16&#8243; custom_padding=\u00bb|||\u00bb global_colors_info=\u00bb{}\u00bb custom_padding__hover=\u00bb|||\u00bb theme_builder_area=\u00bbpost_content\u00bb][et_pb_blurb title=\u00bbPrepare\u00bb url=\u00bbhttps:\/\/www.campinglabaiedesveys.com\/es\/salidas\/visitas-e-historia\/\u00bb image=\u00bbhttps:\/\/www.campinglabaiedesveys.com\/wp-content\/uploads\/2022\/10\/2.gif\u00bb alt=\u00bb2&#8243; image_icon_width=\u00bb38px\u00bb admin_label=\u00bbProcess\u00bb _builder_version=\u00bb4.19.2&#8243; header_font=\u00bbMuli|700|||||||\u00bb header_text_align=\u00bbcenter\u00bb header_font_size=\u00bb20px\u00bb header_line_height=\u00bb1.4em\u00bb body_font=\u00bbMuli|600|||||||\u00bb body_text_align=\u00bbcenter\u00bb body_font_size=\u00bb16px\u00bb body_line_height=\u00bb1.8em\u00bb link_option_url=\u00bbhttps:\/\/www.campinglabaiedesveys.com\/es\/salidas\/visitas-e-historia\/\u00bb border_width_all_image=\u00bb4px\u00bb border_color_all_image=\u00bb#6fbebd\u00bb image_max_width=\u00bb38px\u00bb global_colors_info=\u00bb{}\u00bb theme_builder_area=\u00bbpost_content\u00bb]<\/p>\n<p>Reserva natural, playas del D\u00eda D, museo&#8230; prepare sus vacaciones<\/p>\n<p>[\/et_pb_blurb][\/et_pb_column][et_pb_column type=\u00bb1_3&#8243; _builder_version=\u00bb4.16&#8243; custom_padding=\u00bb|||\u00bb global_colors_info=\u00bb{}\u00bb custom_padding__hover=\u00bb|||\u00bb theme_builder_area=\u00bbpost_content\u00bb][et_pb_blurb title=\u00bbReserve\u00bb url=\u00bbhttps:\/\/www.campinglabaiedesveys.com\/es\/reserve\/\u00bb image=\u00bbhttps:\/\/www.campinglabaiedesveys.com\/wp-content\/uploads\/2022\/10\/3.gif\u00bb alt=\u00bb3&#8243; image_icon_width=\u00bb38px\u00bb admin_label=\u00bbProcess\u00bb _builder_version=\u00bb4.19.2&#8243; header_font=\u00bbMuli|700|||||||\u00bb header_text_align=\u00bbcenter\u00bb header_font_size=\u00bb20px\u00bb header_line_height=\u00bb1.4em\u00bb body_font=\u00bbMuli|600|||||||\u00bb body_text_align=\u00bbcenter\u00bb body_font_size=\u00bb16px\u00bb body_line_height=\u00bb1.8em\u00bb link_option_url=\u00bbhttps:\/\/www.campinglabaiedesveys.com\/es\/reserve\/\u00bb border_width_all_image=\u00bb4px\u00bb border_color_all_image=\u00bb#6fbebd\u00bb image_max_width=\u00bb38px\u00bb global_colors_info=\u00bb{}\u00bb theme_builder_area=\u00bbpost_content\u00bb]<\/p>\n<p>En unos pocos clics, seleccione su estancia y \u00a1a disfrutar!<\/p>\n<p>[\/et_pb_blurb][\/et_pb_column][\/et_pb_row][et_pb_row column_structure=\u00bb1_2,1_2&#8243; use_custom_gutter=\u00bbon\u00bb gutter_width=\u00bb1&#8243; make_equal=\u00bbon\u00bb admin_label=\u00bbEstudio de caso Fila\u00bb _builder_version=\u00bb4.19.1&#8243; global_colors_info=\u00bb{}\u00bb][et_pb_column type=\u00bb1_2&#8243; _builder_version=\u00bb4.19.1&#8243; custom_padding=\u00bb|||\u00bb global_colors_info=\u00bb{}\u00bb custom_padding__hover=\u00bb|||\u00bb][et_pb_gallery gallery_ids=\u00bb1906,1909,1912&#8243; gallery_orderby=\u00bbrand\u00bb fullwidth=\u00bbon\u00bb _builder_version=\u00bb4.19.1&#8243; _module_preset=\u00bbdefault\u00bb animation_style=\u00bbfade\u00bb animation_duration=\u00bb0ms\u00bb animation_repeat=\u00bbloop\u00bb auto=\u00bbon\u00bb global_colors_info=\u00bb{}\u00bb][\/et_pb_gallery][\/et_pb_column][et_pb_column type=\u00bb1_2&#8243; _builder_version=\u00bb4.16&#8243; background_color=\u00bb#ffffff\u00bb custom_padding=\u00bb60px|60px|60px|60px\u00bb global_colors_info=\u00bb{}\u00bb custom_padding__hover=\u00bb|||\u00bb][et_pb_cta title=\u00bbPlaya de Utah &#8211; a 5 km del camping\u00bb button_url=\u00bbhttps:\/\/utah-beach.com\/\u00bb url_new_window=\u00bbon\u00bb button_text=\u00bbPreparar mi visita\u00bb admin_label=\u00bbT\u00edtulo y bot\u00f3n CTA\u00bb _builder_version=\u00bb4.19.5&#8243; header_level=\u00bbh3&#8243; header_font=\u00bbMuli|700|||||||\u00bb header_font_size=\u00bb26px\u00bb header_line_height=\u00bb1.4em\u00bb body_font=\u00bb|600|||||||\u00bb body_font_size=\u00bb16px\u00bb body_line_height=\u00bb1.8em\u00bb use_background_color=\u00bboff\u00bb custom_button=\u00bbon\u00bb button_text_size=\u00bb16px\u00bb button_text_color=\u00bb#FFFFFF\u00bb button_bg_color=\u00bb#3e347b\u00bb button_border_width=\u00bb10px\u00bb button_border_color=\u00bb#3e347b\u00bb button_border_radius=\u00bb0px\u00bb button_font=\u00bb|700|||||||\u00bb button_use_icon=\u00bboff\u00bb text_orientation=\u00bbleft\u00bb background_layout=\u00bblight\u00bb custom_padding=\u00bb|||\u00bb button_border_radius_hover=\u00bb0px\u00bb global_colors_info=\u00bb{}\u00bb button_text_size__hover_enabled=\u00bboff\u00bb button_one_text_size__hover_enabled=\u00bboff\u00bb button_two_text_size__hover_enabled=\u00bboff\u00bb button_text_color__hover_enabled=\u00bboff\u00bb button_one_text_color__hover_enabled=\u00bboff\u00bb button_two_text_color__hover_enabled=\u00bboff\u00bb button_border_width__hover_enabled=\u00bboff\u00bb button_one_border_width__hover_enabled=\u00bboff\u00bb button_two_border_width__hover_enabled=\u00bboff\u00bb button_border_color__hover_enabled=\u00bboff\u00bb button_one_border_color__hover_enabled=\u00bboff\u00bb button_two_border_color__hover_enabled=\u00bboff\u00bb button_border_radius__hover_enabled=\u00bbon\u00bb button_border_radius__hover=\u00bb0px\u00bb button_one_border_radius__hover_enabled=\u00bboff\u00bb button_two_border_radius__hover_enabled=\u00bboff\u00bb button_letter_spacing__hover_enabled=\u00bboff\u00bb button_one_letter_spacing__hover_enabled=\u00bboff\u00bb button_two_letter_spacing__hover_enabled=\u00bboff\u00bb button_bg_color__hover_enabled=\u00bboff\u00bb button_one_bg_color__hover_enabled=\u00bboff\u00bb button_two_bg_color__hover_enabled=\u00bboff\u00bb]<\/p>\n<p>A trav\u00e9s de la playa y el <strong><br \/>\n  <a href=\"https:\/\/utah-beach.com\/\" target=\"_blank\" rel=\"noopener\">Museo del D\u00eda D<\/a><br \/>\n<\/strong>Descubra hora a hora c\u00f3mo se desarroll\u00f3 la jornada del 6 de junio de 1944. Tanto si es un aficionado a la historia como si s\u00f3lo desea descubrir este importante d\u00eda de la historia de Francia, esta visita no le dejar\u00e1 indiferente.<\/p>\n<p>[\/et_pb_cta][\/et_pb_column][\/et_pb_row][et_pb_row column_structure=\u00bb1_2,1_2&#8243; use_custom_gutter=\u00bbon\u00bb gutter_width=\u00bb1&#8243; make_equal=\u00bbon\u00bb admin_label=\u00bbEstudio de caso Fila\u00bb _builder_version=\u00bb4.19.4&#8243; global_colors_info=\u00bb{}\u00bb][et_pb_column type=\u00bb1_2&#8243; _builder_version=\u00bb4.16&#8243; background_color=\u00bb#ffffff\u00bb custom_padding=\u00bb60px|60px|60px|60px\u00bb global_colors_info=\u00bb{}\u00bb custom_padding__hover=\u00bb|||\u00bb][et_pb_cta title=\u00bbSainte-M\u00e8re-Eglise &#8211; a 13 km del camping\u00bb button_url=\u00bbhttps:\/\/saintemereeglise.fr\/\u00bb url_new_window=\u00bbon\u00bb button_text=\u00bbLeer m\u00e1s\u00bb admin_label=\u00bbT\u00edtulo y bot\u00f3n CTA\u00bb _builder_version=\u00bb4.19.5&#8243; header_level=\u00bbh3&#8243; header_font=\u00bbMuli|700|||||||\u00bb header_font_size=\u00bb26px\u00bb header_line_height=\u00bb1.4em\u00bb body_font=\u00bbMuli|600|||||||\u00bb body_font_size=\u00bb16px\u00bb body_line_height=\u00bb1.8em\u00bb use_background_color=\u00bboff\u00bb custom_button=\u00bbon\u00bb button_text_size=\u00bb16px\u00bb button_text_color=\u00bb#ffffff\u00bb button_bg_color=\u00bb#3e347b\u00bb button_border_width=\u00bb10px\u00bb button_border_color=\u00bb#3e347b\u00bb button_border_radius=\u00bb0px\u00bb button_font=\u00bb|700|||||||\u00bb button_use_icon=\u00bboff\u00bb text_orientation=\u00bbleft\u00bb background_layout=\u00bblight\u00bb custom_padding=\u00bb|||\u00bb button_border_radius_hover=\u00bb0px\u00bb global_colors_info=\u00bb{}\u00bb button_text_size__hover_enabled=\u00bboff\u00bb button_one_text_size__hover_enabled=\u00bboff\u00bb button_two_text_size__hover_enabled=\u00bboff\u00bb button_text_color__hover_enabled=\u00bboff\u00bb button_one_text_color__hover_enabled=\u00bboff\u00bb button_two_text_color__hover_enabled=\u00bboff\u00bb button_border_width__hover_enabled=\u00bboff\u00bb button_one_border_width__hover_enabled=\u00bboff\u00bb button_two_border_width__hover_enabled=\u00bboff\u00bb button_border_color__hover_enabled=\u00bboff\u00bb button_one_border_color__hover_enabled=\u00bboff\u00bb button_two_border_color__hover_enabled=\u00bboff\u00bb button_border_radius__hover_enabled=\u00bbon\u00bb button_border_radius__hover=\u00bb0px\u00bb button_one_border_radius__hover_enabled=\u00bboff\u00bb button_two_border_radius__hover_enabled=\u00bboff\u00bb button_letter_spacing__hover_enabled=\u00bboff\u00bb button_one_letter_spacing__hover_enabled=\u00bboff\u00bb button_two_letter_spacing__hover_enabled=\u00bboff\u00bb button_bg_color__hover_enabled=\u00bboff\u00bb button_one_bg_color__hover_enabled=\u00bboff\u00bb button_two_bg_color__hover_enabled=\u00bboff\u00bb]<\/p>\n<p>Sainte M\u00e8re Eglise es el punto de partida ideal para descubrir las playas del desembarco del D\u00eda D, especialmente la playa de Utah, en Sainte-Marie du Mont. Situada a unos diez kil\u00f3metros de Carentan, queda marcada por la historia de la batalla de Normand\u00eda y, m\u00e1s concretamente, por el desembarco de Normand\u00eda. Junto con Utah Beach, Sainte M\u00e8re-\u00c9glise fue una de las dos zonas de desembarco. De hecho, las fuerzas aliadas de la 82\u00aa y 101\u00aa Aerotransportadas desembarcaron en los alrededores de Sainte M\u00e8re-\u00c9glise el 6 de junio de 1944.<\/p>\n<p>[\/et_pb_cta][\/et_pb_column][et_pb_column type=\u00bb1_2&#8243; _builder_version=\u00bb4.19.1&#8243; custom_padding=\u00bb|||\u00bb global_colors_info=\u00bb{}\u00bb custom_padding__hover=\u00bb|||\u00bb][et_pb_gallery gallery_ids=\u00bb1921,1918,1915&#8243; gallery_orderby=\u00bbrand\u00bb fullwidth=\u00bbon\u00bb _builder_version=\u00bb4.19.1&#8243; _module_preset=\u00bbdefault\u00bb auto=\u00bbon\u00bb global_colors_info=\u00bb{}\u00bb][\/et_pb_gallery][\/et_pb_column][\/et_pb_row][et_pb_row column_structure=\u00bb1_2,1_2&#8243; use_custom_gutter=\u00bbon\u00bb gutter_width=\u00bb1&#8243; make_equal=\u00bbon\u00bb admin_label=\u00bbEstudio de caso Fila\u00bb _builder_version=\u00bb4.19.4&#8243; global_colors_info=\u00bb{}\u00bb][et_pb_column type=\u00bb1_2&#8243; _builder_version=\u00bb4.16&#8243; custom_padding=\u00bb|||\u00bb global_colors_info=\u00bb{}\u00bb custom_padding__hover=\u00bb|||\u00bb][et_pb_gallery gallery_ids=\u00bb1930,1927,1924&#8243; gallery_orderby=\u00bbrand\u00bb fullwidth=\u00bbon\u00bb _builder_version=\u00bb4.19.1&#8243; _module_preset=\u00bbdefault\u00bb auto=\u00bbon\u00bb hover_transition_duration=\u00bb0ms\u00bb global_colors_info=\u00bb{}\u00bb][\/et_pb_gallery][\/et_pb_column][et_pb_column type=\u00bb1_2&#8243; _builder_version=\u00bb4.16&#8243; background_color=\u00bb#ffffff\u00bb custom_padding=\u00bb60px|60px|60px|60px\u00bb global_colors_info=\u00bb{}\u00bb custom_padding__hover=\u00bb|||\u00bb][et_pb_cta title=\u00bbBienvenido a Saint Vaast, el pueblo favorito de los franceses 2019&#8243; button_url=\u00bbhttps:\/\/saintvaast.fr\/\u00bb url_new_window=\u00bbon\u00bb button_text=\u00bbDescubro este pueblo\u00bb admin_label=\u00bbT\u00edtulo y bot\u00f3n CTA\u00bb _builder_version=\u00bb4.19.5&#8243; header_level=\u00bbh3&#8243; header_font=\u00bbMuli|700|||||||\u00bb header_font_size=\u00bb26px\u00bb header_line_height=\u00bb1.4em\u00bb body_font=\u00bbMuli|600|||||||\u00bb body_font_size=\u00bb16px\u00bb body_line_height=\u00bb1.8em\u00bb use_background_color=\u00bboff\u00bb custom_button=\u00bbon\u00bb button_text_size=\u00bb16px\u00bb button_text_color=\u00bb#ffffff\u00bb button_bg_color=\u00bb#3e347b\u00bb button_border_width=\u00bb10px\u00bb button_border_color=\u00bb#3e347b\u00bb button_border_radius=\u00bb0px\u00bb button_font=\u00bb|700|||||||\u00bb button_use_icon=\u00bboff\u00bb text_orientation=\u00bbleft\u00bb background_layout=\u00bblight\u00bb custom_padding=\u00bb|||\u00bb button_border_radius_hover=\u00bb0px\u00bb global_colors_info=\u00bb{}\u00bb button_text_size__hover_enabled=\u00bboff\u00bb button_one_text_size__hover_enabled=\u00bboff\u00bb button_two_text_size__hover_enabled=\u00bboff\u00bb button_text_color__hover_enabled=\u00bboff\u00bb button_one_text_color__hover_enabled=\u00bboff\u00bb button_two_text_color__hover_enabled=\u00bboff\u00bb button_border_width__hover_enabled=\u00bboff\u00bb button_one_border_width__hover_enabled=\u00bboff\u00bb button_two_border_width__hover_enabled=\u00bboff\u00bb button_border_color__hover_enabled=\u00bboff\u00bb button_one_border_color__hover_enabled=\u00bboff\u00bb button_two_border_color__hover_enabled=\u00bboff\u00bb button_border_radius__hover_enabled=\u00bbon\u00bb button_border_radius__hover=\u00bb0px\u00bb button_one_border_radius__hover_enabled=\u00bboff\u00bb button_two_border_radius__hover_enabled=\u00bboff\u00bb button_letter_spacing__hover_enabled=\u00bboff\u00bb button_one_letter_spacing__hover_enabled=\u00bboff\u00bb button_two_letter_spacing__hover_enabled=\u00bboff\u00bb button_bg_color__hover_enabled=\u00bboff\u00bb button_one_bg_color__hover_enabled=\u00bboff\u00bb button_two_bg_color__hover_enabled=\u00bboff\u00bb]<\/p>\n<p>Este precioso pueblo de la Manche, en la pen\u00ednsula de Cotentin, es una visita obligada. <a href=\"https:\/\/saintvaast.fr\/\" target=\"_blank\" rel=\"noopener\">Saint Vaast<\/a> est\u00e1 situado entre un puerto pesquero y de vela, playas y actividades n\u00e1uticas. Un lugar excepcional donde el mar es omnipresente. Pase un agradable d\u00eda a 25 minutos de nuestro camping y recargue las pilas.<\/p>\n<p>[\/et_pb_cta][\/et_pb_column][\/et_pb_row][et_pb_row column_structure=\u00bb1_2,1_2&#8243; use_custom_gutter=\u00bbon\u00bb gutter_width=\u00bb1&#8243; make_equal=\u00bbon\u00bb admin_label=\u00bbEstudio de caso Fila\u00bb _builder_version=\u00bb4.19.1&#8243; global_colors_info=\u00bb{}\u00bb][et_pb_column type=\u00bb1_2&#8243; _builder_version=\u00bb4.16&#8243; background_color=\u00bb#ffffff\u00bb custom_padding=\u00bb60px|60px|60px|60px\u00bb global_colors_info=\u00bb{}\u00bb custom_padding__hover=\u00bb|||\u00bb][et_pb_cta title=\u00bbParque de las marismas de Cotentin y Bessin\u00bb button_url=\u00bbhttps:\/\/parc-cotentin-bessin.fr\/\u00bb url_new_window=\u00bbon\u00bb button_text=\u00bbDescubra el parque natural\u00bb admin_label=\u00bbT\u00edtulo y bot\u00f3n CTA\u00bb _builder_version=\u00bb4.19.1&#8243; header_level=\u00bbh3&#8243; header_font=\u00bbMuli|700|||||||\u00bb header_font_size=\u00bb26px\u00bb header_line_height=\u00bb1.4em\u00bb body_font=\u00bbMuli|600|||||||\u00bb body_font_size=\u00bb16px\u00bb body_line_height=\u00bb1.8em\u00bb use_background_color=\u00bboff\u00bb custom_button=\u00bbon\u00bb button_text_size=\u00bb16px\u00bb button_text_color=\u00bb#ffffff\u00bb button_bg_color=\u00bb#3e347b\u00bb button_border_width=\u00bb10px\u00bb button_border_color=\u00bb#3e347b\u00bb button_border_radius=\u00bb0px\u00bb button_font=\u00bb|700|||||||\u00bb button_use_icon=\u00bboff\u00bb text_orientation=\u00bbleft\u00bb background_layout=\u00bblight\u00bb custom_padding=\u00bb|||\u00bb button_border_radius_hover=\u00bb0px\u00bb global_colors_info=\u00bb{}\u00bb button_text_size__hover_enabled=\u00bboff\u00bb button_one_text_size__hover_enabled=\u00bboff\u00bb button_two_text_size__hover_enabled=\u00bboff\u00bb button_text_color__hover_enabled=\u00bboff\u00bb button_one_text_color__hover_enabled=\u00bboff\u00bb button_two_text_color__hover_enabled=\u00bboff\u00bb button_border_width__hover_enabled=\u00bboff\u00bb button_one_border_width__hover_enabled=\u00bboff\u00bb button_two_border_width__hover_enabled=\u00bboff\u00bb button_border_color__hover_enabled=\u00bboff\u00bb button_one_border_color__hover_enabled=\u00bboff\u00bb button_two_border_color__hover_enabled=\u00bboff\u00bb button_border_radius__hover_enabled=\u00bbon\u00bb button_border_radius__hover=\u00bb0px\u00bb button_one_border_radius__hover_enabled=\u00bboff\u00bb button_two_border_radius__hover_enabled=\u00bboff\u00bb button_letter_spacing__hover_enabled=\u00bboff\u00bb button_one_letter_spacing__hover_enabled=\u00bboff\u00bb button_two_letter_spacing__hover_enabled=\u00bboff\u00bb button_bg_color__hover_enabled=\u00bboff\u00bb button_one_bg_color__hover_enabled=\u00bboff\u00bb button_two_bg_color__hover_enabled=\u00bboff\u00bb]<\/p>\n<p>Pasee y disfrute de la diversidad de paisajes del <a href=\"https:\/\/parc-cotentin-bessin.fr\/\" target=\"_blank\" rel=\"noopener\">Parque Natural Regional<\/a> de las Marismas de Cotentin y Bessin. Algunos consejos: llevar buen calzado para caminar, agua y sombrero. \u00a1Nos quedamos con las alpargatas para las actividades playeras!<\/p>\n<p>[\/et_pb_cta][\/et_pb_column][et_pb_column type=\u00bb1_2&#8243; _builder_version=\u00bb4.16&#8243; background_color=\u00bb#ffffff\u00bb custom_padding=\u00bb|||\u00bb global_colors_info=\u00bb{}\u00bb custom_padding__hover=\u00bb|||\u00bb][et_pb_gallery gallery_ids=\u00bb1933,1936,1939&#8243; gallery_orderby=\u00bbrand\u00bb fullwidth=\u00bbon\u00bb _builder_version=\u00bb4.19.1&#8243; _module_preset=\u00bbdefault\u00bb auto=\u00bbon\u00bb global_colors_info=\u00bb{}\u00bb][\/et_pb_gallery][\/et_pb_column][\/et_pb_row][et_pb_row column_structure=\u00bb1_2,1_2&#8243; use_custom_gutter=\u00bbon\u00bb gutter_width=\u00bb1&#8243; make_equal=\u00bbon\u00bb admin_label=\u00bbEstudio de caso Fila\u00bb _builder_version=\u00bb4.19.1&#8243; global_colors_info=\u00bb{}\u00bb][et_pb_column type=\u00bb1_2&#8243; _builder_version=\u00bb4.16&#8243; custom_padding=\u00bb|||\u00bb global_colors_info=\u00bb{}\u00bb custom_padding__hover=\u00bb|||\u00bb][et_pb_gallery gallery_ids=\u00bb1942,1945,1948&#8243; gallery_orderby=\u00bbrand\u00bb fullwidth=\u00bbon\u00bb _builder_version=\u00bb4.19.1&#8243; _module_preset=\u00bbdefault\u00bb auto=\u00bbon\u00bb global_colors_info=\u00bb{}\u00bb][\/et_pb_gallery][\/et_pb_column][et_pb_column type=\u00bb1_2&#8243; _builder_version=\u00bb4.16&#8243; background_color=\u00bb#ffffff\u00bb custom_padding=\u00bb60px|60px|60px|60px\u00bb global_colors_info=\u00bb{}\u00bb custom_padding__hover=\u00bb|||\u00bb][et_pb_cta title=\u00bbPointe du Hoc\u00bb button_url=\u00bbhttps:\/\/www.calvados-tourisme.com\/offre\/site-de-la-pointe-du-hoc\/\u00bb url_new_window=\u00bbon\u00bb button_text=\u00bbPreparar la excursi\u00f3n\u00bb admin_label=\u00bbT\u00edtulo y bot\u00f3n CTA\u00bb _builder_version=\u00bb4.19.1&#8243; header_level=\u00bbh3&#8243; header_font=\u00bbMuli|700|||||||\u00bb header_font_size=\u00bb26px\u00bb header_line_height=\u00bb1.4em\u00bb body_font=\u00bbMuli|600|||||||\u00bb body_font_size=\u00bb16px\u00bb body_line_height=\u00bb1.8em\u00bb use_background_color=\u00bboff\u00bb custom_button=\u00bbon\u00bb button_text_size=\u00bb16px\u00bb button_text_color=\u00bb#ffffff\u00bb button_bg_color=\u00bb#3e347b\u00bb button_border_width=\u00bb10px\u00bb button_border_color=\u00bb#3e347b\u00bb button_border_radius=\u00bb0px\u00bb button_font=\u00bb|700|||||||\u00bb button_use_icon=\u00bboff\u00bb text_orientation=\u00bbleft\u00bb background_layout=\u00bblight\u00bb custom_padding=\u00bb|||\u00bb button_border_radius_hover=\u00bb0px\u00bb global_colors_info=\u00bb{}\u00bb button_text_size__hover_enabled=\u00bboff\u00bb button_one_text_size__hover_enabled=\u00bboff\u00bb button_two_text_size__hover_enabled=\u00bboff\u00bb button_text_color__hover_enabled=\u00bboff\u00bb button_one_text_color__hover_enabled=\u00bboff\u00bb button_two_text_color__hover_enabled=\u00bboff\u00bb button_border_width__hover_enabled=\u00bboff\u00bb button_one_border_width__hover_enabled=\u00bboff\u00bb button_two_border_width__hover_enabled=\u00bboff\u00bb button_border_color__hover_enabled=\u00bboff\u00bb button_one_border_color__hover_enabled=\u00bboff\u00bb button_two_border_color__hover_enabled=\u00bboff\u00bb button_border_radius__hover_enabled=\u00bbon\u00bb button_border_radius__hover=\u00bb0px\u00bb button_one_border_radius__hover_enabled=\u00bboff\u00bb button_two_border_radius__hover_enabled=\u00bboff\u00bb button_letter_spacing__hover_enabled=\u00bboff\u00bb button_one_letter_spacing__hover_enabled=\u00bboff\u00bb button_two_letter_spacing__hover_enabled=\u00bboff\u00bb button_bg_color__hover_enabled=\u00bboff\u00bb button_one_bg_color__hover_enabled=\u00bboff\u00bb button_two_bg_color__hover_enabled=\u00bboff\u00bb]<\/p>\n<p>\u00bfLe suena el nombre? Es un peque\u00f1o puesto avanzado de la costa normanda en el Mar del Canal, situado en Calvados. Este peque\u00f1o cabo fue asaltado en la ma\u00f1ana del 6 de junio por los Rangers del Coronel Rudder y es uno de los puntos m\u00e1s fuertes de las fortificaciones alemanas en la costa. Hoy, este lugar evoca lo que fue una bater\u00eda de artiller\u00eda con su puesto de direcci\u00f3n de tiro, sus casamatas, sus refugios&#8230;<\/p>\n<p>[\/et_pb_cta][\/et_pb_column][\/et_pb_row][et_pb_row column_structure=\u00bb1_2,1_2&#8243; use_custom_gutter=\u00bbon\u00bb gutter_width=\u00bb1&#8243; make_equal=\u00bbon\u00bb admin_label=\u00bbEstudio de caso Fila\u00bb _builder_version=\u00bb4.19.1&#8243; global_colors_info=\u00bb{}\u00bb][et_pb_column type=\u00bb1_2&#8243; _builder_version=\u00bb4.16&#8243; background_color=\u00bb#ffffff\u00bb custom_padding=\u00bb60px|60px|60px|60px\u00bb global_colors_info=\u00bb{}\u00bb custom_padding__hover=\u00bb|||\u00bb][et_pb_cta title=\u00bbCementerio Americano de Colleville\u00bb button_url=\u00bbhttps:\/\/www.abmc.gov\/normandy\u00bb url_new_window=\u00bbon\u00bb button_text=\u00bbPreparaci\u00f3n de la visita hist\u00f3rica\u00bb admin_label=\u00bbT\u00edtulo y bot\u00f3n CTA\u00bb _builder_version=\u00bb4.19.5&#8243; header_level=\u00bbh3&#8243; header_font=\u00bbMuli|700|||||||\u00bb header_font_size=\u00bb26px\u00bb header_line_height=\u00bb1.4em\u00bb body_font=\u00bbMuli|600|||||||\u00bb body_font_size=\u00bb16px\u00bb body_line_height=\u00bb1.8em\u00bb use_background_color=\u00bboff\u00bb custom_button=\u00bbon\u00bb button_text_size=\u00bb16px\u00bb button_text_color=\u00bb#ffffff\u00bb button_bg_color=\u00bb#3e347b\u00bb button_border_width=\u00bb10px\u00bb button_border_color=\u00bb#3e347b\u00bb button_border_radius=\u00bb0px\u00bb button_font=\u00bb|700|||||||\u00bb button_use_icon=\u00bboff\u00bb text_orientation=\u00bbleft\u00bb background_layout=\u00bblight\u00bb custom_padding=\u00bb|||\u00bb button_border_radius_hover=\u00bb0px\u00bb global_colors_info=\u00bb{}\u00bb button_text_size__hover_enabled=\u00bboff\u00bb button_one_text_size__hover_enabled=\u00bboff\u00bb button_two_text_size__hover_enabled=\u00bboff\u00bb button_text_color__hover_enabled=\u00bboff\u00bb button_one_text_color__hover_enabled=\u00bboff\u00bb button_two_text_color__hover_enabled=\u00bboff\u00bb button_border_width__hover_enabled=\u00bboff\u00bb button_one_border_width__hover_enabled=\u00bboff\u00bb button_two_border_width__hover_enabled=\u00bboff\u00bb button_border_color__hover_enabled=\u00bboff\u00bb button_one_border_color__hover_enabled=\u00bboff\u00bb button_two_border_color__hover_enabled=\u00bboff\u00bb button_border_radius__hover_enabled=\u00bbon\u00bb button_border_radius__hover=\u00bb0px\u00bb button_one_border_radius__hover_enabled=\u00bboff\u00bb button_two_border_radius__hover_enabled=\u00bboff\u00bb button_letter_spacing__hover_enabled=\u00bboff\u00bb button_one_letter_spacing__hover_enabled=\u00bboff\u00bb button_two_letter_spacing__hover_enabled=\u00bboff\u00bb button_bg_color__hover_enabled=\u00bboff\u00bb button_one_bg_color__hover_enabled=\u00bboff\u00bb button_two_bg_color__hover_enabled=\u00bboff\u00bb]<\/p>\n<p>El cementerio americano de Colleville sur mer domina la playa de Omaha. Es un lugar hist\u00f3rico que le recomendamos visitar durante su estancia en Normand\u00eda.  <span>Hay 9.387 tumbas de soldados ca\u00eddos, la capilla, el memorial y el jard\u00edn de los desaparecidos.<\/span><\/p>\n<p>[\/et_pb_cta][\/et_pb_column][et_pb_column type=\u00bb1_2&#8243; _builder_version=\u00bb4.16&#8243; custom_padding=\u00bb|||\u00bb global_colors_info=\u00bb{}\u00bb custom_padding__hover=\u00bb|||\u00bb][et_pb_gallery gallery_ids=\u00bb2014,2017,2020,2023,2026&#8243; gallery_orderby=\u00bbrand\u00bb fullwidth=\u00bbon\u00bb _builder_version=\u00bb4.19.1&#8243; _module_preset=\u00bbdefault\u00bb auto=\u00bbon\u00bb global_colors_info=\u00bb{}\u00bb][\/et_pb_gallery][\/et_pb_column][\/et_pb_row][et_pb_row column_structure=\u00bb1_2,1_2&#8243; use_custom_gutter=\u00bbon\u00bb gutter_width=\u00bb1&#8243; make_equal=\u00bbon\u00bb admin_label=\u00bbEstudio de caso Fila\u00bb _builder_version=\u00bb4.19.1&#8243; global_colors_info=\u00bb{}\u00bb][et_pb_column type=\u00bb1_2&#8243; _builder_version=\u00bb4.16&#8243; custom_padding=\u00bb|||\u00bb global_colors_info=\u00bb{}\u00bb custom_padding__hover=\u00bb|||\u00bb][et_pb_gallery gallery_ids=\u00bb2041,2038,2035,2032,2029&#8243; gallery_orderby=\u00bbrand\u00bb fullwidth=\u00bbon\u00bb _builder_version=\u00bb4.19.1&#8243; _module_preset=\u00bbdefault\u00bb auto=\u00bbon\u00bb global_colors_info=\u00bb{}\u00bb][\/et_pb_gallery][\/et_pb_column][et_pb_column type=\u00bb1_2&#8243; _builder_version=\u00bb4.16&#8243; background_color=\u00bb#ffffff\u00bb custom_padding=\u00bb60px|60px|60px|60px\u00bb global_colors_info=\u00bb{}\u00bb custom_padding__hover=\u00bb|||\u00bb][et_pb_cta title=\u00bbCiudad del mar &#8211; Cherburgo\u00bb button_url=\u00bbhttps:\/\/www.citedelamer.com\/\u00bb url_new_window=\u00bbon\u00bb button_text=\u00bbSum\u00e9rgete en el universo\u00bb admin_label=\u00bbT\u00edtulo y bot\u00f3n CTA\u00bb _builder_version=\u00bb4.19.1&#8243; header_level=\u00bbh3&#8243; header_font=\u00bbMuli|700|||||||\u00bb header_font_size=\u00bb26px\u00bb header_line_height=\u00bb1.4em\u00bb body_font=\u00bbMuli|600|||||||\u00bb body_font_size=\u00bb16px\u00bb body_line_height=\u00bb1.8em\u00bb use_background_color=\u00bboff\u00bb custom_button=\u00bbon\u00bb button_text_size=\u00bb16px\u00bb button_text_color=\u00bb#ffffff\u00bb button_bg_color=\u00bb#3e347b\u00bb button_border_width=\u00bb10px\u00bb button_border_color=\u00bb#3e347b\u00bb button_border_radius=\u00bb0px\u00bb button_font=\u00bb|700|||||||\u00bb button_use_icon=\u00bboff\u00bb text_orientation=\u00bbleft\u00bb background_layout=\u00bblight\u00bb custom_padding=\u00bb|||\u00bb button_border_radius_hover=\u00bb0px\u00bb global_colors_info=\u00bb{}\u00bb button_text_size__hover_enabled=\u00bboff\u00bb button_one_text_size__hover_enabled=\u00bboff\u00bb button_two_text_size__hover_enabled=\u00bboff\u00bb button_text_color__hover_enabled=\u00bboff\u00bb button_one_text_color__hover_enabled=\u00bboff\u00bb button_two_text_color__hover_enabled=\u00bboff\u00bb button_border_width__hover_enabled=\u00bboff\u00bb button_one_border_width__hover_enabled=\u00bboff\u00bb button_two_border_width__hover_enabled=\u00bboff\u00bb button_border_color__hover_enabled=\u00bboff\u00bb button_one_border_color__hover_enabled=\u00bboff\u00bb button_two_border_color__hover_enabled=\u00bboff\u00bb button_border_radius__hover_enabled=\u00bbon\u00bb button_border_radius__hover=\u00bb0px\u00bb button_one_border_radius__hover_enabled=\u00bboff\u00bb button_two_border_radius__hover_enabled=\u00bboff\u00bb button_letter_spacing__hover_enabled=\u00bboff\u00bb button_one_letter_spacing__hover_enabled=\u00bboff\u00bb button_two_letter_spacing__hover_enabled=\u00bboff\u00bb button_bg_color__hover_enabled=\u00bboff\u00bb button_one_bg_color__hover_enabled=\u00bboff\u00bb button_two_bg_color__hover_enabled=\u00bboff\u00bb]<\/p>\n<p>Este museo oceanogr\u00e1fico es un lugar incre\u00edble. Ni\u00f1os y adultos disfrutan por igual de esta excursi\u00f3n a la antigua Gare Maritime Transatlantique, en un magn\u00edfico edificio Art D\u00e9co. Entre equipos de submarinismo y peces, no podr\u00e1 dejar de asombrarse.  <\/p>\n<p>[\/et_pb_cta][\/et_pb_column][\/et_pb_row][\/et_pb_section][et_pb_section fb_built=\u00bb1&#8243; _builder_version=\u00bb4.19.4&#8243; _module_preset=\u00bbdefault\u00bb global_colors_info=\u00bb{}\u00bb][et_pb_row column_structure=\u00bb1_2,1_2&#8243; _builder_version=\u00bb4.19.4&#8243; _module_preset=\u00bbdefault\u00bb global_colors_info=\u00bb{}\u00bb][et_pb_column type=\u00bb1_2&#8243; _builder_version=\u00bb4.19.4&#8243; _module_preset=\u00bbdefault\u00bb global_colors_info=\u00bb{}\u00bb][et_pb_text _builder_version=\u00bb4.19.4&#8243; _module_preset=\u00bbdefault\u00bb global_colors_info=\u00bb{}\u00bb]<\/p>\n<p>\u00a1El Cotentin es tan gratificante! \u00a1Descubra tambi\u00e9n las actividades deportivas y de descubrimiento en plena naturaleza!<\/p>\n<p>[\/et_pb_text][\/et_pb_column][et_pb_column type=\u00bb1_2&#8243; _builder_version=\u00bb4.19.4&#8243; _module_preset=\u00bbdefault\u00bb global_colors_info=\u00bb{}\u00bb][et_pb_button button_url=\u00bbhttps:\/\/www.campinglabaiedesveys.com\/es\/salidas\/actividades-en-la-naturaleza\/\u00bb button_text=\u00bbActividades en la naturaleza\u00bb _builder_version=\u00bb4.19.4&#8243; _module_preset=\u00bbdefault\u00bb background_layout=\u00bbdark\u00bb global_colors_info=\u00bb{}\u00bb][\/et_pb_button][\/et_pb_column][\/et_pb_row][\/et_pb_section]<\/p>\n","protected":false},"excerpt":{"rendered":"<p>Aparcacoches Nuestro camping es la soluci\u00f3n ideal para disfrutar de una estancia con encanto en el coraz\u00f3n de La Mancha, a dos pasos de la playa de Utah y a pocos minutos de la reserva natural de Beauguillot. Las instalaciones y servicios incluyen una recepci\u00f3n abierta todos los d\u00edas, personal multiling\u00fce y un restaurante abierto [&hellip;]<\/p>\n","protected":false},"author":3,"featured_media":0,"parent":0,"menu_order":0,"comment_status":"closed","ping_status":"closed","template":"","meta":{"_seopress_robots_primary_cat":"","_seopress_titles_title":"","_seopress_titles_desc":"","_seopress_robots_index":"","_et_pb_use_builder":"on","_et_pb_old_content":"","_et_gb_content_width":"","footnotes":""},"class_list":["post-4973","page","type-page","status-publish","hentry"],"_links":{"self":[{"href":"https:\/\/www.campinglabaiedesveys.com\/es\/wp-json\/wp\/v2\/pages\/4973","targetHints":{"allow":["GET"]}}],"collection":[{"href":"https:\/\/www.campinglabaiedesveys.com\/es\/wp-json\/wp\/v2\/pages"}],"about":[{"href":"https:\/\/www.campinglabaiedesveys.com\/es\/wp-json\/wp\/v2\/types\/page"}],"author":[{"embeddable":true,"href":"https:\/\/www.campinglabaiedesveys.com\/es\/wp-json\/wp\/v2\/users\/3"}],"replies":[{"embeddable":true,"href":"https:\/\/www.campinglabaiedesveys.com\/es\/wp-json\/wp\/v2\/comments?post=4973"}],"version-history":[{"count":15,"href":"https:\/\/www.campinglabaiedesveys.com\/es\/wp-json\/wp\/v2\/pages\/4973\/revisions"}],"predecessor-version":[{"id":6521,"href":"https:\/\/www.campinglabaiedesveys.com\/es\/wp-json\/wp\/v2\/pages\/4973\/revisions\/6521"}],"wp:attachment":[{"href":"https:\/\/www.campinglabaiedesveys.com\/es\/wp-json\/wp\/v2\/media?parent=4973"}],"curies":[{"name":"wp","href":"https:\/\/api.w.org\/{rel}","templated":true}]}}